{"id":3589,"date":"2024-06-04T15:09:02","date_gmt":"2024-06-04T13:09:02","guid":{"rendered":"https:\/\/swiss-height-system.heig-vd.ch\/?page_id=3589"},"modified":"2024-07-11T05:23:25","modified_gmt":"2024-07-11T03:23:25","slug":"video3-fr-2-2","status":"publish","type":"page","link":"https:\/\/swiss-height-system.heig-vd.ch\/?page_id=3589","title":{"rendered":"Vid\u00e9o 3"},"content":{"rendered":"\n<figure class=\"wp-block-embed is-type-video is-provider-youtube wp-block-embed-youtube wp-embed-aspect-16-9 wp-has-aspect-ratio\"><div class=\"wp-block-embed__wrapper\">\n<iframe loading=\"lazy\" title=\"Vid\u00e9o 3 : Compatibilit\u00e9 des syst\u00e8mes de r\u00e9f\u00e9rence\" width=\"720\" height=\"405\" src=\"https:\/\/www.youtube.com\/embed\/Mwm4gbR0jAY?feature=oembed\" frameborder=\"0\" allow=\"accelerometer; autoplay; clipboard-write; encrypted-media; gyroscope; picture-in-picture; web-share\" referrerpolicy=\"strict-origin-when-cross-origin\" allowfullscreen><\/iframe>\n<\/div><\/figure>\n\n\n\n<h2 class=\"wp-block-heading\"><strong>Vid\u00e9o 3 : Compatibilit\u00e9 des syst\u00e8mes de r\u00e9f\u00e9rence<\/strong><\/h2>\n\n\n\n<p>00:00 &#8211; Introduction du syst\u00e8me de r\u00e9f\u00e9rence terrestre international ITRS <br>02:13 &#8211; Pourquoi avons-nous plusieurs syst\u00e8mes de r\u00e9f\u00e9rence ? <br>05:37 &#8211; Les cadres de r\u00e9f\u00e9rence <br>07:05 &#8211; Les syst\u00e8mes de r\u00e9f\u00e9rence altim\u00e9triques <br>08:47 &#8211; Les altitudes en Suisse<\/p>\n\n\n\n<div class=\"wp-block-group\" style=\"padding-top:0px;padding-right:0px;padding-bottom:0px;padding-left:0px\"><div class=\"wp-block-group__inner-container is-layout-flow wp-block-group-is-layout-flow\">\n<h2 class=\"wp-block-heading has-medium-font-size\"><strong>A voir \u00e9galement \u2026<\/strong><\/h2>\n\n\n\n<div class=\"wp-block-columns is-layout-flex wp-container-core-columns-is-layout-f5e77106 wp-block-columns-is-layout-flex\" style=\"padding-top:0px;padding-right:0px;padding-bottom:0px;padding-left:0px\">\n<div class=\"wp-block-column is-layout-flow wp-block-column-is-layout-flow\">\n<figure class=\"wp-block-image\"><a href=\"https:\/\/swiss-height-system.heig-vd.ch\/?page_id=3074\"><img loading=\"lazy\" decoding=\"async\" width=\"1920\" height=\"1080\" src=\"https:\/\/swiss-height-system.heig-vd.ch\/wp-content\/uploads\/2022\/06\/video2-fr-miniature.jpg\" alt=\"\" class=\"wp-image-3130\" srcset=\"https:\/\/swiss-height-system.heig-vd.ch\/wp-content\/uploads\/2022\/06\/video2-fr-miniature.jpg 1920w, https:\/\/swiss-height-system.heig-vd.ch\/wp-content\/uploads\/2022\/06\/video2-fr-miniature-300x169.jpg 300w, https:\/\/swiss-height-system.heig-vd.ch\/wp-content\/uploads\/2022\/06\/video2-fr-miniature-1024x576.jpg 1024w, https:\/\/swiss-height-system.heig-vd.ch\/wp-content\/uploads\/2022\/06\/video2-fr-miniature-768x432.jpg 768w, https:\/\/swiss-height-system.heig-vd.ch\/wp-content\/uploads\/2022\/06\/video2-fr-miniature-1536x864.jpg 1536w\" sizes=\"auto, (max-width: 1920px) 100vw, 1920px\" \/><\/a><figcaption class=\"wp-element-caption\"><strong>Vid\u00e9o 2 de sensibilisation :<\/strong><br><strong>D\u00e9finitions de l&rsquo;altitude<\/strong><\/figcaption><\/figure>\n<\/div>\n\n\n\n<div class=\"wp-block-column is-layout-flow wp-block-column-is-layout-flow\">\n<figure class=\"wp-block-image\"><a href=\"https:\/\/swiss-height-system.heig-vd.ch\/?page_id=3124\"><img loading=\"lazy\" decoding=\"async\" width=\"682\" height=\"384\" src=\"https:\/\/swiss-height-system.heig-vd.ch\/wp-content\/uploads\/2022\/06\/video3-miniature.jpg\" alt=\"\" class=\"wp-image-3141\" srcset=\"https:\/\/swiss-height-system.heig-vd.ch\/wp-content\/uploads\/2022\/06\/video3-miniature.jpg 682w, https:\/\/swiss-height-system.heig-vd.ch\/wp-content\/uploads\/2022\/06\/video3-miniature-300x169.jpg 300w\" sizes=\"auto, (max-width: 682px) 100vw, 682px\" \/><\/a><figcaption class=\"wp-element-caption\"><strong>Interview complet de Markus Rothacher : <\/strong><br><strong>d\u00e9termination des altitudes et perspectives<\/strong><\/figcaption><\/figure>\n<\/div>\n\n\n\n<div class=\"wp-block-column is-layout-flow wp-block-column-is-layout-flow\"><\/div>\n<\/div>\n<\/div><\/div>\n","protected":false},"excerpt":{"rendered":"<p>Vid\u00e9o 3 : Compatibilit\u00e9 des syst\u00e8mes de r\u00e9f\u00e9rence 00:00 &#8211; Introduction du syst\u00e8me de r\u00e9f\u00e9rence terrestre international ITRS 02:13 &#8211; Pourquoi avons-nous plusieurs syst\u00e8mes de r\u00e9f\u00e9rence ? 05:37 &#8211; Les cadres de r\u00e9f\u00e9rence 07:05 &#8211; Les syst\u00e8mes de r\u00e9f\u00e9rence altim\u00e9triques 08:47 &#8211; Les altitudes en Suisse A voir \u00e9galement \u2026<\/p>\n","protected":false},"author":1,"featured_media":0,"parent":0,"menu_order":0,"comment_status":"closed","ping_status":"closed","template":"","meta":{"_kadence_starter_templates_imported_post":false,"_kad_post_transparent":"","_kad_post_title":"","_kad_post_layout":"","_kad_post_sidebar_id":"","_kad_post_content_style":"","_kad_post_vertical_padding":"","_kad_post_feature":"","_kad_post_feature_position":"","_kad_post_header":false,"_kad_post_footer":false,"footnotes":""},"class_list":["post-3589","page","type-page","status-publish","hentry"],"_links":{"self":[{"href":"https:\/\/swiss-height-system.heig-vd.ch\/index.php?rest_route=\/wp\/v2\/pages\/3589","targetHints":{"allow":["GET"]}}],"collection":[{"href":"https:\/\/swiss-height-system.heig-vd.ch\/index.php?rest_route=\/wp\/v2\/pages"}],"about":[{"href":"https:\/\/swiss-height-system.heig-vd.ch\/index.php?rest_route=\/wp\/v2\/types\/page"}],"author":[{"embeddable":true,"href":"https:\/\/swiss-height-system.heig-vd.ch\/index.php?rest_route=\/wp\/v2\/users\/1"}],"replies":[{"embeddable":true,"href":"https:\/\/swiss-height-system.heig-vd.ch\/index.php?rest_route=%2Fwp%2Fv2%2Fcomments&post=3589"}],"version-history":[{"count":2,"href":"https:\/\/swiss-height-system.heig-vd.ch\/index.php?rest_route=\/wp\/v2\/pages\/3589\/revisions"}],"predecessor-version":[{"id":3612,"href":"https:\/\/swiss-height-system.heig-vd.ch\/index.php?rest_route=\/wp\/v2\/pages\/3589\/revisions\/3612"}],"wp:attachment":[{"href":"https:\/\/swiss-height-system.heig-vd.ch\/index.php?rest_route=%2Fwp%2Fv2%2Fmedia&parent=3589"}],"curies":[{"name":"wp","href":"https:\/\/api.w.org\/{rel}","templated":true}]}}